{"id":634,"date":"2018-12-01T17:33:34","date_gmt":"2018-12-01T16:33:34","guid":{"rendered":"https:\/\/www.cotesducouchois.com\/?page_id=634"},"modified":"2025-07-12T11:02:37","modified_gmt":"2025-07-12T09:02:37","slug":"la-depeche-de-union-cotes-du-couchois","status":"publish","type":"page","link":"https:\/\/www.cotesducouchois.com\/en\/the-union-heralds\/","title":{"rendered":"The Union Herald"},"content":{"rendered":"<p>[et_pb_section fb_built=\u00a0\u00bb1&Prime; _builder_version=\u00a0\u00bb4.16&Prime; module_alignment=\u00a0\u00bbcenter\u00a0\u00bb custom_padding=\u00a0\u00bb50px||50px|||\u00a0\u00bb global_colors_info=\u00a0\u00bb{}\u00a0\u00bb][et_pb_row module_id=\u00a0\u00bbpresentation\u00a0\u00bb _builder_version=\u00a0\u00bb4.16&Prime; module_alignment=\u00a0\u00bbcenter\u00a0\u00bb custom_margin=\u00a0\u00bb20px|||\u00a0\u00bb global_colors_info=\u00a0\u00bb{}\u00a0\u00bb][et_pb_column type=\u00a0\u00bb4_4&Prime; _builder_version=\u00a0\u00bb4.16&Prime; custom_padding=\u00a0\u00bb|||\u00a0\u00bb global_colors_info=\u00a0\u00bb{}\u00a0\u00bb custom_padding__hover=\u00a0\u00bb|||\u00a0\u00bb][et_pb_post_title meta=\u00a0\u00bboff\u00a0\u00bb featured_image=\u00a0\u00bboff\u00a0\u00bb _builder_version=\u00a0\u00bb4.16&Prime; title_font=\u00a0\u00bb||||||||\u00a0\u00bb title_font_size=\u00a0\u00bb3em\u00a0\u00bb custom_margin=\u00a0\u00bb||10px\u00a0\u00bb global_colors_info=\u00a0\u00bb{}\u00a0\u00bb][\/et_pb_post_title][et_pb_text _builder_version=\u00a0\u00bb4.16&Prime; header_font=\u00a0\u00bb||||||||\u00a0\u00bb header_font_size=\u00a0\u00bb3em\u00a0\u00bb width=\u00a0\u00bb46vw\u00a0\u00bb width_tablet=\u00a0\u00bb100%\u00a0\u00bb width_phone=\u00a0\u00bb\u00a0\u00bb width_last_edited=\u00a0\u00bbon|desktop\u00a0\u00bb global_colors_info=\u00a0\u00bb{}\u00a0\u00bb]<\/p>\n<p>D\u00e9couvrez la tr\u00e9pidante actualit\u00e9 des C\u00f4tes du Couchois et les potins des villages de l\u2019AOC avec ce qui s\u2019y passe, ce qui s\u2019y dit et plus g\u00e9n\u00e9ralement la vie de ceux et celles qui cultivent, produisent, \u00e9l\u00e8vent ou commercialisent nos vins\u2026 sans oublier l\u2019essentiel bien \u00e9videmment, \u00e0 savoir ceux qui les consomment&#8230;<\/p>\n<p>[\/et_pb_text][\/et_pb_column][\/et_pb_row][\/et_pb_section][et_pb_section fb_built=\u00a0\u00bb1&Prime; custom_padding_last_edited=\u00a0\u00bbon|tablet\u00a0\u00bb admin_label=\u00a0\u00bbPackages\u00a0\u00bb _builder_version=\u00a0\u00bb4.16&Prime; custom_padding=\u00a0\u00bb0||110px||false|false\u00a0\u00bb custom_padding_tablet=\u00a0\u00bb0px||0px|\u00a0\u00bb custom_padding_phone=\u00a0\u00bb\u00a0\u00bb global_colors_info=\u00a0\u00bb{}\u00a0\u00bb][et_pb_row custom_padding_last_edited=\u00a0\u00bbon|tablet\u00a0\u00bb _builder_version=\u00a0\u00bb4.16&Prime; custom_padding=\u00a0\u00bb0px|0px|0px|0px|false|false\u00a0\u00bb custom_padding_tablet=\u00a0\u00bb0px|0px|0px|0px|false|false\u00a0\u00bb custom_padding_phone=\u00a0\u00bb\u00a0\u00bb global_colors_info=\u00a0\u00bb{}\u00a0\u00bb][et_pb_column type=\u00a0\u00bb4_4&Prime; _builder_version=\u00a0\u00bb4.16&Prime; custom_padding=\u00a0\u00bb|||\u00a0\u00bb global_colors_info=\u00a0\u00bb{}\u00a0\u00bb custom_padding__hover=\u00a0\u00bb|||\u00a0\u00bb][et_pb_blog fullwidth=\u00a0\u00bboff\u00a0\u00bb posts_number=\u00a0\u00bb3&Prime; include_categories=\u00a0\u00bb38&Prime; excerpt_length=\u00a0\u00bb300&Prime; show_author=\u00a0\u00bboff\u00a0\u00bb show_date=\u00a0\u00bboff\u00a0\u00bb show_categories=\u00a0\u00bboff\u00a0\u00bb disabled_on=\u00a0\u00bbon|on|off\u00a0\u00bb _builder_version=\u00a0\u00bb4.27.4&Prime; meta_font=\u00a0\u00bb||||||||\u00a0\u00bb pagination_font=\u00a0\u00bb||||||||\u00a0\u00bb pagination_text_color=\u00a0\u00bb#666&Prime; text_orientation=\u00a0\u00bbjustified\u00a0\u00bb custom_css_content=\u00a0\u00bbmin-height:130px;\u00a0\u00bb custom_css_post_meta=\u00a0\u00bbcolor:#666&Prime; global_colors_info=\u00a0\u00bb{}\u00a0\u00bb filter_opacity__hover=\u00a0\u00bb75%\u00a0\u00bb][\/et_pb_blog][et_pb_blog posts_number=\u00a0\u00bb1&Prime; include_categories=\u00a0\u00bb38&Prime; show_author=\u00a0\u00bboff\u00a0\u00bb disabled_on=\u00a0\u00bboff|off|on\u00a0\u00bb _builder_version=\u00a0\u00bb4.16&Prime; meta_font=\u00a0\u00bb||||||||\u00a0\u00bb pagination_font=\u00a0\u00bb||||||||\u00a0\u00bb pagination_text_color=\u00a0\u00bb#666&Prime; custom_css_content=\u00a0\u00bbmin-height:130px;\u00a0\u00bb custom_css_post_meta=\u00a0\u00bbcolor:#666&Prime; global_colors_info=\u00a0\u00bb{}\u00a0\u00bb filter_opacity__hover_enabled=\u00a0\u00bbon\u00a0\u00bb filter_opacity__hover=\u00a0\u00bb75%\u00a0\u00bb][\/et_pb_blog][\/et_pb_column][\/et_pb_row][et_pb_row _builder_version=\u00a0\u00bb4.16&Prime; custom_padding=\u00a0\u00bb0px||0px|||\u00a0\u00bb global_colors_info=\u00a0\u00bb{}\u00a0\u00bb][et_pb_column type=\u00a0\u00bb4_4&Prime; _builder_version=\u00a0\u00bb4.16&Prime; custom_padding=\u00a0\u00bb|||\u00a0\u00bb global_colors_info=\u00a0\u00bb{}\u00a0\u00bb custom_padding__hover=\u00a0\u00bb|||\u00a0\u00bb][et_pb_cta title=\u00a0\u00bbRetrouvez notre brochure\u00a0\u00bb button_url=\u00a0\u00bb\/wp-content\/uploads\/2019\/06\/UPNCC-Brochure.pdf\u00a0\u00bb button_text=\u00a0\u00bbT\u00c9L\u00c9CHARGER AU FORMAT .PDF\u00a0\u00bb _builder_version=\u00a0\u00bb4.16&Prime; header_font=\u00a0\u00bb||||||||\u00a0\u00bb body_font=\u00a0\u00bb||||||||\u00a0\u00bb background_color=\u00a0\u00bb#ffffff\u00a0\u00bb custom_button=\u00a0\u00bbon\u00a0\u00bb button_border_width=\u00a0\u00bb0px\u00a0\u00bb button_font=\u00a0\u00bb||||on||||\u00a0\u00bb background_layout=\u00a0\u00bblight\u00a0\u00bb custom_margin=\u00a0\u00bb||\u00a0\u00bb link_option_url=\u00a0\u00bb\/wp-content\/uploads\/2019\/06\/UPNCC-Brochure.pdf\u00a0\u00bb global_colors_info=\u00a0\u00bb{}\u00a0\u00bb]<\/p>\n<p style=\"text-align: center;\"><img loading=\"lazy\" decoding=\"async\" src=\"https:\/\/www.cotesducouchois.com\/wp-content\/uploads\/2019\/06\/UPNCC-Brochure-214x300.jpg\" alt=\"Les C\u00f4tes du Couchois - Brochure\" class=\"wp-image-1252 alignnone size-medium\" width=\"214\" height=\"300\" srcset=\"https:\/\/www.cotesducouchois.com\/wp-content\/uploads\/2019\/06\/UPNCC-Brochure-214x300.jpg 214w, https:\/\/www.cotesducouchois.com\/wp-content\/uploads\/2019\/06\/UPNCC-Brochure.jpg 600w\" sizes=\"(max-width: 214px) 100vw, 214px\" \/><\/p>\n<p>[\/et_pb_cta][\/et_pb_column][\/et_pb_row][et_pb_row _builder_version=\u00a0\u00bb4.27.4&Prime; _module_preset=\u00a0\u00bbdefault\u00a0\u00bb module_alignment=\u00a0\u00bbcenter\u00a0\u00bb border_width_all=\u00a0\u00bb2px\u00a0\u00bb border_color_all=\u00a0\u00bbgcid-primary-color\u00a0\u00bb global_colors_info=\u00a0\u00bb{%22gcid-primary-color%22:%91%22border_color_all%22%93}\u00a0\u00bb][et_pb_column type=\u00a0\u00bb4_4&Prime; _builder_version=\u00a0\u00bb4.27.4&Prime; _module_preset=\u00a0\u00bbdefault\u00a0\u00bb global_colors_info=\u00a0\u00bb{}\u00a0\u00bb][et_pb_text _builder_version=\u00a0\u00bb4.27.4&Prime; _module_preset=\u00a0\u00bbdefault\u00a0\u00bb width=\u00a0\u00bb50%\u00a0\u00bb module_alignment=\u00a0\u00bbcenter\u00a0\u00bb global_colors_info=\u00a0\u00bb{}\u00a0\u00bb]<\/p>\n<h2>Adh\u00e9rer \u00e0 la D\u00e9p\u00eache de l&rsquo;Union<\/h2>\n<p>[\/et_pb_text][et_pb_contact_form submit_button_text=\u00a0\u00bbS&rsquo;inscrire\u00a0\u00bb _builder_version=\u00a0\u00bb4.27.4&Prime; _module_preset=\u00a0\u00bbdefault\u00a0\u00bb _unique_id=\u00a0\u00bb3f5b9ef8-0356-462c-a9ee-fc775b22009c\u00a0\u00bb custom_button=\u00a0\u00bbon\u00a0\u00bb button_text_color=\u00a0\u00bb#000000&Prime; width=\u00a0\u00bb50%\u00a0\u00bb module_alignment=\u00a0\u00bbcenter\u00a0\u00bb hover_enabled=\u00a0\u00bb0&Prime; border_radii=\u00a0\u00bbon|1px|1px|1px|1px\u00a0\u00bb border_width_all=\u00a0\u00bb2px\u00a0\u00bb global_colors_info=\u00a0\u00bb{}\u00a0\u00bb email=\u00a0\u00bbcontact@cotesducouchois.com\u00a0\u00bb sticky_enabled=\u00a0\u00bb0&Prime;][et_pb_contact_field field_id=\u00a0\u00bbname\u00a0\u00bb field_title=\u00a0\u00bbPr\u00e9nom\u00a0\u00bb allowed_symbols=\u00a0\u00bbletters\u00a0\u00bb required_mark=\u00a0\u00bboff\u00a0\u00bb _builder_version=\u00a0\u00bb4.27.4&Prime; global_colors_info=\u00a0\u00bb{}\u00a0\u00bb button_text_size__hover_enabled=\u00a0\u00bboff\u00a0\u00bb button_one_text_size__hover_enabled=\u00a0\u00bboff\u00a0\u00bb button_two_text_size__hover_enabled=\u00a0\u00bboff\u00a0\u00bb button_text_color__hover_enabled=\u00a0\u00bboff\u00a0\u00bb button_one_text_color__hover_enabled=\u00a0\u00bboff\u00a0\u00bb button_two_text_color__hover_enabled=\u00a0\u00bboff\u00a0\u00bb button_border_width__hover_enabled=\u00a0\u00bboff\u00a0\u00bb button_one_border_width__hover_enabled=\u00a0\u00bboff\u00a0\u00bb button_two_border_width__hover_enabled=\u00a0\u00bboff\u00a0\u00bb button_border_color__hover_enabled=\u00a0\u00bboff\u00a0\u00bb button_one_border_color__hover_enabled=\u00a0\u00bboff\u00a0\u00bb button_two_border_color__hover_enabled=\u00a0\u00bboff\u00a0\u00bb button_border_radius__hover_enabled=\u00a0\u00bboff\u00a0\u00bb button_one_border_radius__hover_enabled=\u00a0\u00bboff\u00a0\u00bb button_two_border_radius__hover_enabled=\u00a0\u00bboff\u00a0\u00bb button_letter_spacing__hover_enabled=\u00a0\u00bboff\u00a0\u00bb button_one_letter_spacing__hover_enabled=\u00a0\u00bboff\u00a0\u00bb button_two_letter_spacing__hover_enabled=\u00a0\u00bboff\u00a0\u00bb button_bg_color__hover_enabled=\u00a0\u00bboff\u00a0\u00bb button_one_bg_color__hover_enabled=\u00a0\u00bboff\u00a0\u00bb button_two_bg_color__hover_enabled=\u00a0\u00bboff\u00a0\u00bb][\/et_pb_contact_field][et_pb_contact_field field_id=\u00a0\u00bbsurname\u00a0\u00bb field_title=\u00a0\u00bbNom\u00a0\u00bb required_mark=\u00a0\u00bboff\u00a0\u00bb _builder_version=\u00a0\u00bb4.27.4&Prime; _module_preset=\u00a0\u00bbdefault\u00a0\u00bb global_colors_info=\u00a0\u00bb{}\u00a0\u00bb][\/et_pb_contact_field][et_pb_contact_field field_id=\u00a0\u00bbemail\u00a0\u00bb field_title=\u00a0\u00bbE-mail\u00a0\u00bb field_type=\u00a0\u00bbemail\u00a0\u00bb fullwidth_field=\u00a0\u00bbon\u00a0\u00bb _builder_version=\u00a0\u00bb4.27.4&Prime; global_colors_info=\u00a0\u00bb{}\u00a0\u00bb button_text_size__hover_enabled=\u00a0\u00bboff\u00a0\u00bb button_one_text_size__hover_enabled=\u00a0\u00bboff\u00a0\u00bb button_two_text_size__hover_enabled=\u00a0\u00bboff\u00a0\u00bb button_text_color__hover_enabled=\u00a0\u00bboff\u00a0\u00bb button_one_text_color__hover_enabled=\u00a0\u00bboff\u00a0\u00bb button_two_text_color__hover_enabled=\u00a0\u00bboff\u00a0\u00bb button_border_width__hover_enabled=\u00a0\u00bboff\u00a0\u00bb button_one_border_width__hover_enabled=\u00a0\u00bboff\u00a0\u00bb button_two_border_width__hover_enabled=\u00a0\u00bboff\u00a0\u00bb button_border_color__hover_enabled=\u00a0\u00bboff\u00a0\u00bb button_one_border_color__hover_enabled=\u00a0\u00bboff\u00a0\u00bb button_two_border_color__hover_enabled=\u00a0\u00bboff\u00a0\u00bb button_border_radius__hover_enabled=\u00a0\u00bboff\u00a0\u00bb button_one_border_radius__hover_enabled=\u00a0\u00bboff\u00a0\u00bb button_two_border_radius__hover_enabled=\u00a0\u00bboff\u00a0\u00bb button_letter_spacing__hover_enabled=\u00a0\u00bboff\u00a0\u00bb button_one_letter_spacing__hover_enabled=\u00a0\u00bboff\u00a0\u00bb button_two_letter_spacing__hover_enabled=\u00a0\u00bboff\u00a0\u00bb button_bg_color__hover_enabled=\u00a0\u00bboff\u00a0\u00bb button_one_bg_color__hover_enabled=\u00a0\u00bboff\u00a0\u00bb button_two_bg_color__hover_enabled=\u00a0\u00bboff\u00a0\u00bb][\/et_pb_contact_field][et_pb_contact_field field_id=\u00a0\u00bbtelephone\u00a0\u00bb field_title=\u00a0\u00bbT\u00e9l\u00e9phone\u00a0\u00bb required_mark=\u00a0\u00bboff\u00a0\u00bb fullwidth_field=\u00a0\u00bbon\u00a0\u00bb _builder_version=\u00a0\u00bb4.27.4&Prime; _module_preset=\u00a0\u00bbdefault\u00a0\u00bb global_colors_info=\u00a0\u00bb{}\u00a0\u00bb][\/et_pb_contact_field][et_pb_contact_field field_id=\u00a0\u00bbnewsletter\u00a0\u00bb field_title=\u00a0\u00bb \u00a0\u00bb field_type=\u00a0\u00bbcheckbox\u00a0\u00bb checkbox_options=\u00a0\u00bb%91{%22value%22:%22Je souhaite recevoir la Newsletter%22,%22checked%22:0,%22dragID%22:-1}%93&Prime; fullwidth_field=\u00a0\u00bbon\u00a0\u00bb _builder_version=\u00a0\u00bb4.27.4&Prime; _module_preset=\u00a0\u00bbdefault\u00a0\u00bb hover_enabled=\u00a0\u00bb0&Prime; global_colors_info=\u00a0\u00bb{}\u00a0\u00bb sticky_enabled=\u00a0\u00bb0&Prime;][\/et_pb_contact_field][et_pb_contact_field field_id=\u00a0\u00bbconfidentialit\u00e9\u00a0\u00bb field_title=\u00a0\u00bb \u00a0\u00bb field_type=\u00a0\u00bbcheckbox\u00a0\u00bb checkbox_options=\u00a0\u00bb%91{%22value%22:%22En continuant, j&rsquo;accepte la politique de confidentialit\u00e9%22,%22checked%22:0,%22dragID%22:-1}%93&Prime; fullwidth_field=\u00a0\u00bbon\u00a0\u00bb _builder_version=\u00a0\u00bb4.27.4&Prime; _module_preset=\u00a0\u00bbdefault\u00a0\u00bb global_colors_info=\u00a0\u00bb{}\u00a0\u00bb][\/et_pb_contact_field][\/et_pb_contact_form][\/et_pb_column][\/et_pb_row][\/et_pb_section]<\/p>\n","protected":false},"excerpt":{"rendered":"<p>D\u00e9couvrez la tr\u00e9pidante actualit\u00e9 des C\u00f4tes du Couchois et les potins des villages de l\u2019AOC avec ce qui s\u2019y passe, ce qui s\u2019y dit et plus g\u00e9n\u00e9ralement la vie de ceux et celles qui cultivent, produisent, \u00e9l\u00e8vent ou commercialisent nos vins\u2026 sans oublier l\u2019essentiel bien \u00e9videmment, \u00e0 savoir ceux qui les consomment&#8230;Adh\u00e9rer \u00e0 la D\u00e9p\u00eache [&hellip;]<\/p>\n","protected":false},"author":1,"featured_media":0,"parent":0,"menu_order":0,"comment_status":"closed","ping_status":"closed","template":"","meta":{"_et_pb_use_builder":"on","_et_pb_old_content":"","_et_gb_content_width":"","footnotes":""},"class_list":["post-634","page","type-page","status-publish","hentry"],"yoast_head":"<!-- This site is optimized with the Yoast SEO plugin v27.5 - https:\/\/yoast.com\/product\/yoast-seo-wordpress\/ -->\n<title>Actualit\u00e9s de Bourgogne - La D\u00e9p\u00eache de l&#039;UPNCC | C\u00f4tes du Couchois<\/title>\n<meta name=\"description\" content=\"L&#039;Union des Producteurs et N\u00e9gociants des C\u00f4tes du Couchois (UPNCC), vous invites \u00e0 d\u00e9couvrir l&#039;actualit\u00e9 viticole de Bourgogne au travers de leur d\u00e9p\u00eache.\" \/>\n<meta name=\"robots\" content=\"index, follow, max-snippet:-1, max-image-preview:large, max-video-preview:-1\" \/>\n<link rel=\"canonical\" href=\"https:\/\/www.cotesducouchois.com\/en\/la-depeche-de-union-cotes-du-couchois\/\" \/>\n<meta property=\"og:locale\" content=\"en_GB\" \/>\n<meta property=\"og:type\" content=\"article\" \/>\n<meta property=\"og:title\" content=\"Actualit\u00e9s de Bourgogne - La D\u00e9p\u00eache de l&#039;UPNCC | C\u00f4tes du Couchois\" \/>\n<meta property=\"og:description\" content=\"L&#039;Union des Producteurs et N\u00e9gociants des C\u00f4tes du Couchois (UPNCC), vous invites \u00e0 d\u00e9couvrir l&#039;actualit\u00e9 viticole de Bourgogne au travers de leur d\u00e9p\u00eache.\" \/>\n<meta property=\"og:url\" content=\"https:\/\/www.cotesducouchois.com\/en\/la-depeche-de-union-cotes-du-couchois\/\" \/>\n<meta property=\"og:site_name\" content=\"C\u00f4tes du Couchois\" \/>\n<meta property=\"article:modified_time\" content=\"2025-07-12T09:02:37+00:00\" \/>\n<meta property=\"og:image\" content=\"https:\/\/www.cotesducouchois.com\/wp-content\/uploads\/2019\/06\/UPNCC-Brochure-214x300.jpg\" \/>\n<meta name=\"twitter:card\" content=\"summary_large_image\" \/>\n<meta name=\"twitter:label1\" content=\"Estimated reading time\" \/>\n\t<meta name=\"twitter:data1\" content=\"5 minutes\" \/>\n<script type=\"application\/ld+json\" class=\"yoast-schema-graph\">{\"@context\":\"https:\\\/\\\/schema.org\",\"@graph\":[{\"@type\":\"WebPage\",\"@id\":\"https:\\\/\\\/www.cotesducouchois.com\\\/la-depeche-de-union-cotes-du-couchois\\\/\",\"url\":\"https:\\\/\\\/www.cotesducouchois.com\\\/la-depeche-de-union-cotes-du-couchois\\\/\",\"name\":\"Actualit\u00e9s de Bourgogne - La D\u00e9p\u00eache de l'UPNCC | C\u00f4tes du Couchois\",\"isPartOf\":{\"@id\":\"https:\\\/\\\/www.cotesducouchois.com\\\/#website\"},\"primaryImageOfPage\":{\"@id\":\"https:\\\/\\\/www.cotesducouchois.com\\\/la-depeche-de-union-cotes-du-couchois\\\/#primaryimage\"},\"image\":{\"@id\":\"https:\\\/\\\/www.cotesducouchois.com\\\/la-depeche-de-union-cotes-du-couchois\\\/#primaryimage\"},\"thumbnailUrl\":\"https:\\\/\\\/www.cotesducouchois.com\\\/wp-content\\\/uploads\\\/2019\\\/06\\\/UPNCC-Brochure-214x300.jpg\",\"datePublished\":\"2018-12-01T16:33:34+00:00\",\"dateModified\":\"2025-07-12T09:02:37+00:00\",\"description\":\"L'Union des Producteurs et N\u00e9gociants des C\u00f4tes du Couchois (UPNCC), vous invites \u00e0 d\u00e9couvrir l'actualit\u00e9 viticole de Bourgogne au travers de leur d\u00e9p\u00eache.\",\"breadcrumb\":{\"@id\":\"https:\\\/\\\/www.cotesducouchois.com\\\/la-depeche-de-union-cotes-du-couchois\\\/#breadcrumb\"},\"inLanguage\":\"en-GB\",\"potentialAction\":[{\"@type\":\"ReadAction\",\"target\":[\"https:\\\/\\\/www.cotesducouchois.com\\\/la-depeche-de-union-cotes-du-couchois\\\/\"]}]},{\"@type\":\"ImageObject\",\"inLanguage\":\"en-GB\",\"@id\":\"https:\\\/\\\/www.cotesducouchois.com\\\/la-depeche-de-union-cotes-du-couchois\\\/#primaryimage\",\"url\":\"https:\\\/\\\/www.cotesducouchois.com\\\/wp-content\\\/uploads\\\/2019\\\/06\\\/UPNCC-Brochure-214x300.jpg\",\"contentUrl\":\"https:\\\/\\\/www.cotesducouchois.com\\\/wp-content\\\/uploads\\\/2019\\\/06\\\/UPNCC-Brochure-214x300.jpg\"},{\"@type\":\"BreadcrumbList\",\"@id\":\"https:\\\/\\\/www.cotesducouchois.com\\\/la-depeche-de-union-cotes-du-couchois\\\/#breadcrumb\",\"itemListElement\":[{\"@type\":\"ListItem\",\"position\":1,\"name\":\"Accueil\",\"item\":\"https:\\\/\\\/www.cotesducouchois.com\\\/\"},{\"@type\":\"ListItem\",\"position\":2,\"name\":\"La D\u00e9p\u00eache de l&rsquo;Union\"}]},{\"@type\":\"WebSite\",\"@id\":\"https:\\\/\\\/www.cotesducouchois.com\\\/#website\",\"url\":\"https:\\\/\\\/www.cotesducouchois.com\\\/\",\"name\":\"C\u00f4tes du Couchois\",\"description\":\"Union des producteurs et n\u00e9gociants de l&#039;AOC C\u00f4tes du Couchois\",\"potentialAction\":[{\"@type\":\"SearchAction\",\"target\":{\"@type\":\"EntryPoint\",\"urlTemplate\":\"https:\\\/\\\/www.cotesducouchois.com\\\/?s={search_term_string}\"},\"query-input\":{\"@type\":\"PropertyValueSpecification\",\"valueRequired\":true,\"valueName\":\"search_term_string\"}}],\"inLanguage\":\"en-GB\"}]}<\/script>\n<!-- \/ Yoast SEO plugin. -->","yoast_head_json":{"title":"Actualit\u00e9s de Bourgogne - La D\u00e9p\u00eache de l'UPNCC | C\u00f4tes du Couchois","description":"L'Union des Producteurs et N\u00e9gociants des C\u00f4tes du Couchois (UPNCC), vous invites \u00e0 d\u00e9couvrir l'actualit\u00e9 viticole de Bourgogne au travers de leur d\u00e9p\u00eache.","robots":{"index":"index","follow":"follow","max-snippet":"max-snippet:-1","max-image-preview":"max-image-preview:large","max-video-preview":"max-video-preview:-1"},"canonical":"https:\/\/www.cotesducouchois.com\/en\/la-depeche-de-union-cotes-du-couchois\/","og_locale":"en_GB","og_type":"article","og_title":"Actualit\u00e9s de Bourgogne - La D\u00e9p\u00eache de l'UPNCC | C\u00f4tes du Couchois","og_description":"L'Union des Producteurs et N\u00e9gociants des C\u00f4tes du Couchois (UPNCC), vous invites \u00e0 d\u00e9couvrir l'actualit\u00e9 viticole de Bourgogne au travers de leur d\u00e9p\u00eache.","og_url":"https:\/\/www.cotesducouchois.com\/en\/la-depeche-de-union-cotes-du-couchois\/","og_site_name":"C\u00f4tes du Couchois","article_modified_time":"2025-07-12T09:02:37+00:00","og_image":[{"url":"https:\/\/www.cotesducouchois.com\/wp-content\/uploads\/2019\/06\/UPNCC-Brochure-214x300.jpg","type":"","width":"","height":""}],"twitter_card":"summary_large_image","twitter_misc":{"Estimated reading time":"5 minutes"},"schema":{"@context":"https:\/\/schema.org","@graph":[{"@type":"WebPage","@id":"https:\/\/www.cotesducouchois.com\/la-depeche-de-union-cotes-du-couchois\/","url":"https:\/\/www.cotesducouchois.com\/la-depeche-de-union-cotes-du-couchois\/","name":"Actualit\u00e9s de Bourgogne - La D\u00e9p\u00eache de l'UPNCC | C\u00f4tes du Couchois","isPartOf":{"@id":"https:\/\/www.cotesducouchois.com\/#website"},"primaryImageOfPage":{"@id":"https:\/\/www.cotesducouchois.com\/la-depeche-de-union-cotes-du-couchois\/#primaryimage"},"image":{"@id":"https:\/\/www.cotesducouchois.com\/la-depeche-de-union-cotes-du-couchois\/#primaryimage"},"thumbnailUrl":"https:\/\/www.cotesducouchois.com\/wp-content\/uploads\/2019\/06\/UPNCC-Brochure-214x300.jpg","datePublished":"2018-12-01T16:33:34+00:00","dateModified":"2025-07-12T09:02:37+00:00","description":"L'Union des Producteurs et N\u00e9gociants des C\u00f4tes du Couchois (UPNCC), vous invites \u00e0 d\u00e9couvrir l'actualit\u00e9 viticole de Bourgogne au travers de leur d\u00e9p\u00eache.","breadcrumb":{"@id":"https:\/\/www.cotesducouchois.com\/la-depeche-de-union-cotes-du-couchois\/#breadcrumb"},"inLanguage":"en-GB","potentialAction":[{"@type":"ReadAction","target":["https:\/\/www.cotesducouchois.com\/la-depeche-de-union-cotes-du-couchois\/"]}]},{"@type":"ImageObject","inLanguage":"en-GB","@id":"https:\/\/www.cotesducouchois.com\/la-depeche-de-union-cotes-du-couchois\/#primaryimage","url":"https:\/\/www.cotesducouchois.com\/wp-content\/uploads\/2019\/06\/UPNCC-Brochure-214x300.jpg","contentUrl":"https:\/\/www.cotesducouchois.com\/wp-content\/uploads\/2019\/06\/UPNCC-Brochure-214x300.jpg"},{"@type":"BreadcrumbList","@id":"https:\/\/www.cotesducouchois.com\/la-depeche-de-union-cotes-du-couchois\/#breadcrumb","itemListElement":[{"@type":"ListItem","position":1,"name":"Accueil","item":"https:\/\/www.cotesducouchois.com\/"},{"@type":"ListItem","position":2,"name":"La D\u00e9p\u00eache de l&rsquo;Union"}]},{"@type":"WebSite","@id":"https:\/\/www.cotesducouchois.com\/#website","url":"https:\/\/www.cotesducouchois.com\/","name":"C\u00f4tes du Couchois","description":"Union des producteurs et n\u00e9gociants de l&#039;AOC C\u00f4tes du Couchois","potentialAction":[{"@type":"SearchAction","target":{"@type":"EntryPoint","urlTemplate":"https:\/\/www.cotesducouchois.com\/?s={search_term_string}"},"query-input":{"@type":"PropertyValueSpecification","valueRequired":true,"valueName":"search_term_string"}}],"inLanguage":"en-GB"}]}},"_links":{"self":[{"href":"https:\/\/www.cotesducouchois.com\/en\/wp-json\/wp\/v2\/pages\/634","targetHints":{"allow":["GET"]}}],"collection":[{"href":"https:\/\/www.cotesducouchois.com\/en\/wp-json\/wp\/v2\/pages"}],"about":[{"href":"https:\/\/www.cotesducouchois.com\/en\/wp-json\/wp\/v2\/types\/page"}],"author":[{"embeddable":true,"href":"https:\/\/www.cotesducouchois.com\/en\/wp-json\/wp\/v2\/users\/1"}],"replies":[{"embeddable":true,"href":"https:\/\/www.cotesducouchois.com\/en\/wp-json\/wp\/v2\/comments?post=634"}],"version-history":[{"count":34,"href":"https:\/\/www.cotesducouchois.com\/en\/wp-json\/wp\/v2\/pages\/634\/revisions"}],"predecessor-version":[{"id":2459,"href":"https:\/\/www.cotesducouchois.com\/en\/wp-json\/wp\/v2\/pages\/634\/revisions\/2459"}],"wp:attachment":[{"href":"https:\/\/www.cotesducouchois.com\/en\/wp-json\/wp\/v2\/media?parent=634"}],"curies":[{"name":"wp","href":"https:\/\/api.w.org\/{rel}","templated":true}]}}