{"id":23,"date":"2018-03-23T14:26:46","date_gmt":"2018-03-23T13:26:46","guid":{"rendered":"http:\/\/www.cotesducouchois.com\/?page_id=23"},"modified":"2020-04-06T10:03:00","modified_gmt":"2020-04-06T08:03:00","slug":"mentions-legales","status":"publish","type":"page","link":"https:\/\/www.cotesducouchois.com\/en\/legal-notice\/","title":{"rendered":"Legal Notice"},"content":{"rendered":"<p>[et_pb_section fb_built=\u00a0\u00bb1&Prime; _builder_version=\u00a0\u00bb4.4.2&Prime;][et_pb_row _builder_version=\u00a0\u00bb4.4.2&Prime;][et_pb_column type=\u00a0\u00bb4_4&Prime; _builder_version=\u00a0\u00bb4.4.2&Prime;][et_pb_text _builder_version=\u00a0\u00bb4.4.2&Prime; hover_enabled=\u00a0\u00bb0&Prime; link_text_color=\u00a0\u00bb#6b6b6b\u00a0\u00bb]<\/p>\n<h1 style=\"text-align: center;\">Mentions L\u00e9gales<\/h1>\n<h2>Union des Producteurs et N\u00e9gociants de l\u2019AOC C\u00f4tes du Couchois<\/h2>\n<p><strong>Adresse : Ch\u00e2teau de Couches \u2013 71490 Couches<\/strong><\/p>\n<p><strong>contact:\u00a0 <a href=\"mailto:%20contact@cotesducouchois.com\">contact@cotesducouchois.com<\/a><\/strong><\/p>\n<p><strong>Le directeur de la publication du site est Mr Olivier Poelaert<\/strong><\/p>\n<p><strong>Cr\u00e9ation du site web : <a href=\"mailto:contact@nspt.fr\">contact@nspt.fr<\/a><\/strong><br \/><strong> Le site web est h\u00e9berg\u00e9 par Groupe Cyllene \u2013 93\/105 rue veuve Lacroix \u2013 92 000 Nanterre \u2013 T\u00e9l : 01 41 19 40 40<\/strong><\/p>\n<p style=\"text-align: justify;\">En application de la Loi n\u00b0 78-17 du 6 janvier 1978 relative \u00e0 l\u2019Informatique, aux Fichiers et aux Libert\u00e9s, vous disposez des droits d\u2019opposition (art. 26 de la loi), d\u2019acc\u00e8s (art.34 \u00e0 38 de la loi) et de rectification (art. 36 de la loi) des donn\u00e9es vous concernant. Ainsi, vous pouvez exiger que soient rectifi\u00e9es, compl\u00e9t\u00e9es, mises \u00e0 jour ou effac\u00e9es les informations vous concernant qui sont inexactes, incompl\u00e8tes, \u00e9quivoques, p\u00e9rim\u00e9es ou dont la collecte ou l\u2019utilisation, la communication ou la conservation est interdite.<\/p>\n<p style=\"text-align: justify;\">Vous b\u00e9n\u00e9ficiez d\u2019un droit d\u2019acc\u00e8s, de modification, de rectification et de suppression de vos donn\u00e9es personnelles (art. 34 de la loi du 6 janvier 1978). Pour l\u2019exercer, adressez-nous un courrier \u00e0 l\u2019adresse de l<strong>&lsquo;UPNCC<br \/><\/strong><\/p>\n<h3>Propri\u00e9t\u00e9 Intellectuelle &amp; Droits d\u2019auteur<\/h3>\n<p style=\"text-align: justify;\">Toutes les informations du site sont la propri\u00e9t\u00e9 de l&rsquo;<strong>UPNCC<\/strong> et sont soumises aux lois prot\u00e9geant le droit d\u2019auteur d\u00e8s lors qu\u2019elles sont mises \u00e0 la disposition du public. Les copies des documents contenus dans ce site ne peuvent \u00eatre faites qu\u2019\u00e0 titre d\u2019information et exclusivement pour un seul usage strictement priv\u00e9. Aucune licence, ni aucun droit que celui de consulter le site, n\u2019est conf\u00e9r\u00e9 \u00e0 quiconque au regard des droits de propri\u00e9t\u00e9 intellectuelle.<\/p>\n<p style=\"text-align: justify;\">La reproduction des documents du site est autoris\u00e9e \u00e0 des fins exclusives d\u2019information pour un usage personnel et priv\u00e9 : toute reproduction et toute utilisation de copie r\u00e9alis\u00e9e \u00e0 d\u2019autres fins est express\u00e9ment interdite. Les textes mis en ligne sur le site, sauf mentions particuli\u00e8res, sont la propri\u00e9t\u00e9 intellectuelle et l\u00e9gale de son \u00e9diteur.<\/p>\n<p style=\"text-align: justify;\">Les titres et extraits de textes originaux peuvent exceptionnellement \u00eatre cit\u00e9s, \u00e0 condition que soit indiqu\u00e9e l\u2019URL du site ( https:\/\/www.cotesducouchois.com), et sous forme de lien hypertexte.<\/p>\n<p>&nbsp;<\/p>\n<p>[\/et_pb_text][\/et_pb_column][\/et_pb_row][\/et_pb_section]<\/p>\n","protected":false},"excerpt":{"rendered":"<p>Mentions L\u00e9gales Union des Producteurs et N\u00e9gociants de l\u2019AOC C\u00f4tes du Couchois Adresse : Ch\u00e2teau de Couches \u2013 71490 Couches contact:\u00a0 contact@cotesducouchois.com Le directeur de la publication du site est Mr Olivier Poelaert Cr\u00e9ation du site web : contact@nspt.fr Le site web est h\u00e9berg\u00e9 par Groupe Cyllene \u2013 93\/105 rue veuve Lacroix \u2013 92 000 [&hellip;]<\/p>\n","protected":false},"author":1,"featured_media":0,"parent":0,"menu_order":0,"comment_status":"closed","ping_status":"closed","template":"","meta":{"_et_pb_use_builder":"on","_et_pb_old_content":"","_et_gb_content_width":"","footnotes":""},"class_list":["post-23","page","type-page","status-publish","hentry"],"yoast_head":"<!-- This site is optimized with the Yoast SEO plugin v27.5 - https:\/\/yoast.com\/product\/yoast-seo-wordpress\/ -->\n<title>Mentions L\u00e9gales - C\u00f4tes du Couchois<\/title>\n<meta name=\"robots\" content=\"index, follow, max-snippet:-1, max-image-preview:large, max-video-preview:-1\" \/>\n<link rel=\"canonical\" href=\"https:\/\/www.cotesducouchois.com\/en\/mentions-legales\/\" \/>\n<meta property=\"og:locale\" content=\"en_GB\" \/>\n<meta property=\"og:type\" content=\"article\" \/>\n<meta property=\"og:title\" content=\"Mentions L\u00e9gales - C\u00f4tes du Couchois\" \/>\n<meta property=\"og:description\" content=\"Mentions L\u00e9gales Union des Producteurs et N\u00e9gociants de l\u2019AOC C\u00f4tes du Couchois Adresse : Ch\u00e2teau de Couches \u2013 71490 Couches contact:\u00a0 contact@cotesducouchois.com Le directeur de la publication du site est Mr Olivier Poelaert Cr\u00e9ation du site web : contact@nspt.fr Le site web est h\u00e9berg\u00e9 par Groupe Cyllene \u2013 93\/105 rue veuve Lacroix \u2013 92 000 [&hellip;]\" \/>\n<meta property=\"og:url\" content=\"https:\/\/www.cotesducouchois.com\/en\/mentions-legales\/\" \/>\n<meta property=\"og:site_name\" content=\"C\u00f4tes du Couchois\" \/>\n<meta property=\"article:modified_time\" content=\"2020-04-06T08:03:00+00:00\" \/>\n<meta name=\"twitter:card\" content=\"summary_large_image\" \/>\n<meta name=\"twitter:label1\" content=\"Estimated reading time\" \/>\n\t<meta name=\"twitter:data1\" content=\"2 minutes\" \/>\n<script type=\"application\/ld+json\" class=\"yoast-schema-graph\">{\"@context\":\"https:\\\/\\\/schema.org\",\"@graph\":[{\"@type\":\"WebPage\",\"@id\":\"https:\\\/\\\/www.cotesducouchois.com\\\/mentions-legales\\\/\",\"url\":\"https:\\\/\\\/www.cotesducouchois.com\\\/mentions-legales\\\/\",\"name\":\"Mentions L\u00e9gales - C\u00f4tes du Couchois\",\"isPartOf\":{\"@id\":\"https:\\\/\\\/www.cotesducouchois.com\\\/#website\"},\"datePublished\":\"2018-03-23T13:26:46+00:00\",\"dateModified\":\"2020-04-06T08:03:00+00:00\",\"breadcrumb\":{\"@id\":\"https:\\\/\\\/www.cotesducouchois.com\\\/mentions-legales\\\/#breadcrumb\"},\"inLanguage\":\"en-GB\",\"potentialAction\":[{\"@type\":\"ReadAction\",\"target\":[\"https:\\\/\\\/www.cotesducouchois.com\\\/mentions-legales\\\/\"]}]},{\"@type\":\"BreadcrumbList\",\"@id\":\"https:\\\/\\\/www.cotesducouchois.com\\\/mentions-legales\\\/#breadcrumb\",\"itemListElement\":[{\"@type\":\"ListItem\",\"position\":1,\"name\":\"Accueil\",\"item\":\"https:\\\/\\\/www.cotesducouchois.com\\\/\"},{\"@type\":\"ListItem\",\"position\":2,\"name\":\"Mentions L\u00e9gales\"}]},{\"@type\":\"WebSite\",\"@id\":\"https:\\\/\\\/www.cotesducouchois.com\\\/#website\",\"url\":\"https:\\\/\\\/www.cotesducouchois.com\\\/\",\"name\":\"C\u00f4tes du Couchois\",\"description\":\"Union des producteurs et n\u00e9gociants de l&#039;AOC C\u00f4tes du Couchois\",\"potentialAction\":[{\"@type\":\"SearchAction\",\"target\":{\"@type\":\"EntryPoint\",\"urlTemplate\":\"https:\\\/\\\/www.cotesducouchois.com\\\/?s={search_term_string}\"},\"query-input\":{\"@type\":\"PropertyValueSpecification\",\"valueRequired\":true,\"valueName\":\"search_term_string\"}}],\"inLanguage\":\"en-GB\"}]}<\/script>\n<!-- \/ Yoast SEO plugin. -->","yoast_head_json":{"title":"legal notice - C\u00f4tes du Couchois","robots":{"index":"index","follow":"follow","max-snippet":"max-snippet:-1","max-image-preview":"max-image-preview:large","max-video-preview":"max-video-preview:-1"},"canonical":"https:\/\/www.cotesducouchois.com\/en\/mentions-legales\/","og_locale":"en_GB","og_type":"article","og_title":"Mentions L\u00e9gales - C\u00f4tes du Couchois","og_description":"Mentions L\u00e9gales Union des Producteurs et N\u00e9gociants de l\u2019AOC C\u00f4tes du Couchois Adresse : Ch\u00e2teau de Couches \u2013 71490 Couches contact:\u00a0 contact@cotesducouchois.com Le directeur de la publication du site est Mr Olivier Poelaert Cr\u00e9ation du site web : contact@nspt.fr Le site web est h\u00e9berg\u00e9 par Groupe Cyllene \u2013 93\/105 rue veuve Lacroix \u2013 92 000 [&hellip;]","og_url":"https:\/\/www.cotesducouchois.com\/en\/mentions-legales\/","og_site_name":"C\u00f4tes du Couchois","article_modified_time":"2020-04-06T08:03:00+00:00","twitter_card":"summary_large_image","twitter_misc":{"Estimated reading time":"2 minutes"},"schema":{"@context":"https:\/\/schema.org","@graph":[{"@type":"WebPage","@id":"https:\/\/www.cotesducouchois.com\/mentions-legales\/","url":"https:\/\/www.cotesducouchois.com\/mentions-legales\/","name":"legal notice - C\u00f4tes du Couchois","isPartOf":{"@id":"https:\/\/www.cotesducouchois.com\/#website"},"datePublished":"2018-03-23T13:26:46+00:00","dateModified":"2020-04-06T08:03:00+00:00","breadcrumb":{"@id":"https:\/\/www.cotesducouchois.com\/mentions-legales\/#breadcrumb"},"inLanguage":"en-GB","potentialAction":[{"@type":"ReadAction","target":["https:\/\/www.cotesducouchois.com\/mentions-legales\/"]}]},{"@type":"BreadcrumbList","@id":"https:\/\/www.cotesducouchois.com\/mentions-legales\/#breadcrumb","itemListElement":[{"@type":"ListItem","position":1,"name":"Accueil","item":"https:\/\/www.cotesducouchois.com\/"},{"@type":"ListItem","position":2,"name":"Mentions L\u00e9gales"}]},{"@type":"WebSite","@id":"https:\/\/www.cotesducouchois.com\/#website","url":"https:\/\/www.cotesducouchois.com\/","name":"C\u00f4tes du Couchois","description":"Union des producteurs et n\u00e9gociants de l&#039;AOC C\u00f4tes du Couchois","potentialAction":[{"@type":"SearchAction","target":{"@type":"EntryPoint","urlTemplate":"https:\/\/www.cotesducouchois.com\/?s={search_term_string}"},"query-input":{"@type":"PropertyValueSpecification","valueRequired":true,"valueName":"search_term_string"}}],"inLanguage":"en-GB"}]}},"_links":{"self":[{"href":"https:\/\/www.cotesducouchois.com\/en\/wp-json\/wp\/v2\/pages\/23","targetHints":{"allow":["GET"]}}],"collection":[{"href":"https:\/\/www.cotesducouchois.com\/en\/wp-json\/wp\/v2\/pages"}],"about":[{"href":"https:\/\/www.cotesducouchois.com\/en\/wp-json\/wp\/v2\/types\/page"}],"author":[{"embeddable":true,"href":"https:\/\/www.cotesducouchois.com\/en\/wp-json\/wp\/v2\/users\/1"}],"replies":[{"embeddable":true,"href":"https:\/\/www.cotesducouchois.com\/en\/wp-json\/wp\/v2\/comments?post=23"}],"version-history":[{"count":4,"href":"https:\/\/www.cotesducouchois.com\/en\/wp-json\/wp\/v2\/pages\/23\/revisions"}],"predecessor-version":[{"id":1442,"href":"https:\/\/www.cotesducouchois.com\/en\/wp-json\/wp\/v2\/pages\/23\/revisions\/1442"}],"wp:attachment":[{"href":"https:\/\/www.cotesducouchois.com\/en\/wp-json\/wp\/v2\/media?parent=23"}],"curies":[{"name":"wp","href":"https:\/\/api.w.org\/{rel}","templated":true}]}}